{"id":1733,"date":"2026-07-23T18:06:10","date_gmt":"2026-07-23T10:06:10","guid":{"rendered":"https:\/\/sumecchemical.com\/?post_type=new&#038;p=1733"},"modified":"2026-07-23T18:06:13","modified_gmt":"2026-07-23T10:06:13","slug":"sumec-convened-mid-year-conference","status":"publish","type":"new","link":"https:\/\/sumecchemical.com\/pt\/new\/sumec-convened-mid-year-conference\/","title":{"rendered":"A SUMEC realizou a Confer\u00eancia de Trabalho do Meio do Ano de 2026"},"content":{"rendered":"<p class=\"wp-block-paragraph\">Em 16 de julho, <a href=\"https:\/\/sumecchemical.com\/pt\/\">SUMEC<\/a> realizou sua Confer\u00eancia de Trabalho Semestral de 2026. A confer\u00eancia comemorou calorosamente o 105\u00ba anivers\u00e1rio da funda\u00e7\u00e3o do Partido Comunista da China, implementou integralmente o Pensamento de Xi Jinping sobre o Socialismo com Caracter\u00edsticas Chinesas para uma Nova Era, cumpriu rigorosamente as exig\u00eancias de trabalho da SINOMACH, revisou e analisou o desempenho no primeiro semestre, avaliou a situa\u00e7\u00e3o atual, esclareceu as metas anuais e as principais tarefas para o segundo semestre e se empenhou em garantir um in\u00edcio de alta qualidade para o per\u00edodo do 15\u00ba Plano Quinquenal.<\/p>\n\n\n\n<figure class=\"wp-block-image size-full\"><a href=\"https:\/\/sumecchemical.com\/pt\/\"><img loading=\"lazy\" decoding=\"async\" width=\"1080\" height=\"644\" src=\"https:\/\/sumecchemical.com\/wp-content\/uploads\/SUMEC-11.webp\" alt=\"SUMEC Convened the 2026 Mid-Year Work Conference\" class=\"wp-image-1734\" srcset=\"https:\/\/sumecchemical.com\/wp-content\/uploads\/SUMEC-11.webp 1080w, https:\/\/sumecchemical.com\/wp-content\/uploads\/SUMEC-11-960x572.webp 960w, https:\/\/sumecchemical.com\/wp-content\/uploads\/SUMEC-11-768x458.webp 768w, https:\/\/sumecchemical.com\/wp-content\/uploads\/SUMEC-11-18x12.webp 18w\" sizes=\"auto, (max-width: 1080px) 100vw, 1080px\" \/><\/a><\/figure>\n\n\n\n<p class=\"wp-block-paragraph\">Yang Yongqing, secret\u00e1rio do Comit\u00ea do Partido e presidente da SUMEC, proferiu um discurso intitulado \u201cEnfrentar as transforma\u00e7\u00f5es, forjar resili\u00eancia, avan\u00e7ar em meio \u00e0s adversidades e garantir um in\u00edcio de alta qualidade para o 15\u00ba Plano Quinquenal\u201d.<\/p>\n\n\n\n<p class=\"wp-block-paragraph\">Ele observou que, diante das dificuldades, desafios e incertezas enfrentados no primeiro semestre de 2026, sob a forte lideran\u00e7a da SINOMACH, todos <a href=\"https:\/\/sumecchemical.com\/pt\/\">SUMEC<\/a> A equipe seguiu as diretrizes de trabalho \u201cNavegar contra os ventos e as mar\u00e9s, consolidar as bases e explorar novas fronteiras, melhorar a qualidade e a efici\u00eancia\u201d, concentrou-se nas prioridades dos \u201cSete Compromissos\u201d e dos \u201cSete Novos Avan\u00e7os\u201d e levou adiante de forma constante todas as atividades. Por meio de esfor\u00e7os conjuntos e da busca incans\u00e1vel pela vit\u00f3ria, o Grupo alcan\u00e7ou receita operacional de 66,42 bilh\u00f5es de RMB, um aumento de 19,7% em rela\u00e7\u00e3o ao ano anterior; lucro total de 2,451 bilh\u00f5es de RMB, um aumento de 11,8% em rela\u00e7\u00e3o ao ano anterior; e volume total de importa\u00e7\u00e3o e exporta\u00e7\u00e3o de 6,95 bilh\u00f5es de d\u00f3lares, representando um aumento de 13,1% em rela\u00e7\u00e3o ao ano anterior, estabelecendo uma base s\u00f3lida para o cumprimento das metas e tarefas do ano inteiro.<\/p>\n\n\n\n<p class=\"wp-block-paragraph\"><strong>Evolu\u00e7\u00e3o dos principais trabalhos no primeiro semestre do ano<\/strong><strong><\/strong><\/p>\n\n\n\n<p class=\"wp-block-paragraph\">Intensifica\u00e7\u00e3o da forma\u00e7\u00e3o voltada para a promo\u00e7\u00e3o de uma vis\u00e3o saud\u00e1vel do desempenho.<\/p>\n\n\n\n<p class=\"wp-block-paragraph\">A vis\u00e3o do desempenho funciona como o \u201cinterruptor principal\u201d. Assumimos como uma importante tarefa pol\u00edtica a promo\u00e7\u00e3o e a pr\u00e1tica de uma vis\u00e3o s\u00f3lida do desempenho, e temos orientado e promovido continuamente um desenvolvimento de alta qualidade.<\/p>\n\n\n\n<p class=\"wp-block-paragraph\">Enfrentou os desafios de frente, conquistou vit\u00f3rias e melhorou a qualidade e a efici\u00eancia.<\/p>\n\n\n\n<p class=\"wp-block-paragraph\">Todos os segmentos de neg\u00f3cios se concentraram em tarefas priorit\u00e1rias e complexas, otimizaram seus modelos operacionais, direcionaram seus esfor\u00e7os para a inova\u00e7\u00e3o e enfrentaram os desafios para garantir resultados.<\/p>\n\n\n\n<p class=\"wp-block-paragraph\">Opera\u00e7\u00f5es comerciais fortalecidas e desenvolvimento protegido por meio da preven\u00e7\u00e3o e do controle de riscos.<\/p>\n\n\n\n<p class=\"wp-block-paragraph\">A Sede do Grupo implementou integralmente o Programa de Capacita\u00e7\u00e3o \u201c156\u201d, refor\u00e7ou a orienta\u00e7\u00e3o estrat\u00e9gica, a cria\u00e7\u00e3o de valor, a gest\u00e3o de pontos-chave e o desenvolvimento impulsionado pela inova\u00e7\u00e3o, al\u00e9m de ter apoiado efetivamente as unidades de neg\u00f3cios na melhoria da qualidade e da efici\u00eancia.<\/p>\n\n\n\n<p class=\"wp-block-paragraph\">Desenvolvimento impulsionado pelo talento, organiza\u00e7\u00e3o otimizada e cultura corporativa aprimorada.<\/p>\n\n\n\n<p class=\"wp-block-paragraph\">Selecionamos e nomeamos profissionais competentes para formar uma equipe de lideran\u00e7a s\u00f3lida e cultivamos a cultura corporativa por meio de esfor\u00e7os cont\u00ednuos e de longo prazo.<\/p>\n\n\n\n<p class=\"wp-block-paragraph\"><strong>Principais iniciativas para o segundo semestre<\/strong><strong><\/strong><\/p>\n\n\n\n<p class=\"wp-block-paragraph\">Yang Yongqing destacou que 2026 marca o in\u00edcio do 15\u00ba Plano Quinquenal. No segundo semestre do ano, a SUMEC continuar\u00e1 a implementar as diretrizes de trabalho anuais e a avan\u00e7ar ainda mais nas tarefas-chave centradas nas \u201cSete Novas Metas\u201d e nos \u201cSete Esfor\u00e7os Cont\u00ednuos\u201d:<\/p>\n\n\n\n<p class=\"wp-block-paragraph\">Assumir novas responsabilidades e fortalecer continuamente as fun\u00e7\u00f5es essenciais.<\/p>\n\n\n\n<p class=\"wp-block-paragraph\">Manter o equil\u00edbrio entre atender \u00e0s estrat\u00e9gias nacionais e atender aos clientes do mercado; manter a integra\u00e7\u00e3o entre o fortalecimento das fun\u00e7\u00f5es essenciais e o aumento da competitividade essencial.<\/p>\n\n\n\n<p class=\"wp-block-paragraph\">Interpretar o novo plano de a\u00e7\u00e3o e avan\u00e7ar continuamente na implementa\u00e7\u00e3o da estrat\u00e9gia.<\/p>\n\n\n\n<p class=\"wp-block-paragraph\">Avan\u00e7ar com a elabora\u00e7\u00e3o dos subplanos e garantir uma comunica\u00e7\u00e3o e execu\u00e7\u00e3o eficazes dos planos.<\/p>\n\n\n\n<p class=\"wp-block-paragraph\">Formular novas medidas e otimizar continuamente o layout estrutural.<\/p>\n\n\n\n<p class=\"wp-block-paragraph\">Enfrentar os desafios e acelerar o desenvolvimento no \u00e2mbito do paradigma da dupla circula\u00e7\u00e3o; concentrar-se em \u00e1reas priorit\u00e1rias para melhorar ainda mais a estrutura empresarial.<\/p>\n\n\n\n<p class=\"wp-block-paragraph\">Promover novos motores de crescimento e buscar continuamente um desenvolvimento impulsionado pela inova\u00e7\u00e3o.<\/p>\n\n\n\n<p class=\"wp-block-paragraph\">Atualizar produtos e servi\u00e7os para construir uma competitividade diferenciada; tomar medidas moderadas e voltadas para o futuro para explorar e desenvolver setores emergentes.<\/p>\n\n\n\n<p class=\"wp-block-paragraph\">Estimular uma nova vitalidade e fortalecer continuamente o desenvolvimento organizacional e de talentos.<\/p>\n\n\n\n<p class=\"wp-block-paragraph\">Fortalecer a forma\u00e7\u00e3o da equipe de lideran\u00e7a para orientar o desenvolvimento estrat\u00e9gico; construir canais s\u00f3lidos de talentos para sustentar o crescimento organizacional; promover a integra\u00e7\u00e3o e revitalizar a Lanke Hi-Tech.<\/p>\n\n\n\n<p class=\"wp-block-paragraph\">Buscar novas normas e refor\u00e7ar continuamente a conformidade e a gest\u00e3o de riscos.<\/p>\n\n\n\n<p class=\"wp-block-paragraph\">Consolidar ainda mais os resultados em mat\u00e9ria de conformidade e estabelecer um sistema de supervis\u00e3o rigoroso.<\/p>\n\n\n\n<p class=\"wp-block-paragraph\">Escrever um novo cap\u00edtulo e aprofundar continuamente a constru\u00e7\u00e3o do Partido e a cultura corporativa.<\/p>\n\n\n\n<p class=\"wp-block-paragraph\">Aprofundar a integra\u00e7\u00e3o entre a constru\u00e7\u00e3o do Partido e o desenvolvimento dos neg\u00f3cios para sustentar um desenvolvimento de alta qualidade; promover uma cultura corporativa de excel\u00eancia para mobilizar for\u00e7as em prol do progresso.<\/p>\n\n\n\n<p class=\"wp-block-paragraph\">Wang Jian, secret\u00e1rio adjunto do Comit\u00ea do Partido e diretor-geral da <a href=\"https:\/\/sumecchemical.com\/pt\/\">SUMEC<\/a>, ao presidir a confer\u00eancia, enfatizou que, para o segundo semestre de 2026, o Grupo deve manter o compromisso com as metas anuais e assumir a iniciativa para o lan\u00e7amento do 15\u00ba Plano Quinquenal em meio a desafios dif\u00edceis; interpretar o plano-diretor do 15\u00ba Plano Quinquenal e construir uma for\u00e7a insubstitu\u00edvel da SUMEC por meio da execu\u00e7\u00e3o da estrat\u00e9gia; coordenar desenvolvimento e seguran\u00e7a, e consolidar as bases para um crescimento est\u00e1vel e sustent\u00e1vel por meio da preven\u00e7\u00e3o e do controle de riscos em toda a cadeia.<\/p>\n\n\n\n<p class=\"wp-block-paragraph\">Diante de um cen\u00e1rio nacional e internacional complexo e vol\u00e1til no segundo semestre de 2026, sob a s\u00f3lida lideran\u00e7a da SINOMACH, a SUMEC abra\u00e7ar\u00e1 as transforma\u00e7\u00f5es, fortalecer\u00e1 sua resili\u00eancia e se empenhar\u00e1 incansavelmente para garantir um in\u00edcio de alta qualidade do 15\u00ba Plano Quinquenal. O Grupo implementar\u00e1 de forma rigorosa a diretriz de \u201cAproveitar os ventos e as mar\u00e9s, consolidar as bases e explorar novas fronteiras, melhorar a qualidade e a efici\u00eancia\u201d, avan\u00e7ar\u00e1 em meio \u00e0s mar\u00e9s e aproveitar\u00e1 as oportunidades, dar\u00e1 continuidade ao trabalho-chave dos \u201cSete Compromissos e Sete Novos Avan\u00e7os\u201d, elevar\u00e1 de forma constante a competitividade central e fortalecer\u00e1 as fun\u00e7\u00f5es essenciais. A SUMEC seguir\u00e1 em frente rumo \u00e0 sua vis\u00e3o de \u201cTornar-se uma empresa internacional excepcional e duradoura, um lar pr\u00f3spero e solid\u00e1rio\u201d, e dar\u00e1 maiores contribui\u00e7\u00f5es para transformar a SINOMACH em um grupo industrial de maquin\u00e1rio abrangente de classe mundial.<\/p>","protected":false},"featured_media":1734,"parent":0,"template":"","meta":{"_acf_changed":true,"_seopress_titles_title":"SUMEC Convened the 2026 Mid-Year Work Conference","_seopress_titles_desc":"On July 16, SUMEC held its 2026 Mid-Year Work Conference.","_seopress_robots_index":"","_seopress_robots_follow":"","_seopress_robots_imageindex":"","_seopress_robots_snippet":"","_seopress_robots_primary_cat":"","_seopress_robots_breadcrumbs":"","_seopress_robots_freeze_modified_date":"","_seopress_robots_custom_modified_date":"","_seopress_robots_canonical":"","_seopress_social_fb_title":"","_seopress_social_fb_desc":"","_seopress_social_fb_img":"","_seopress_social_fb_img_attachment_id":0,"_seopress_social_fb_img_width":0,"_seopress_social_fb_img_height":0,"_seopress_social_twitter_title":"","_seopress_social_twitter_desc":"","_seopress_social_twitter_img":"","_seopress_social_twitter_img_attachment_id":0,"_seopress_social_twitter_img_width":0,"_seopress_social_twitter_img_height":0,"_seopress_redirections_value":"","_seopress_redirections_enabled":"","_seopress_redirections_enabled_regex":"","_seopress_redirections_logged_status":"","_seopress_redirections_param":"","_seopress_redirections_type":0,"_seopress_analysis_target_kw":"","_seopress_news_disabled":"","_seopress_video_disabled":"","_seopress_video":[],"_seopress_pro_schemas_manual":[],"_seopress_pro_rich_snippets_disable_all":"","_seopress_pro_rich_snippets_disable":[],"_seopress_pro_schemas":[]},"news-category":[],"class_list":["post-1733","new","type-new","status-publish","has-post-thumbnail","hentry"],"acf":[],"_links":{"self":[{"href":"https:\/\/sumecchemical.com\/pt\/wp-json\/wp\/v2\/new\/1733","targetHints":{"allow":["GET"]}}],"collection":[{"href":"https:\/\/sumecchemical.com\/pt\/wp-json\/wp\/v2\/new"}],"about":[{"href":"https:\/\/sumecchemical.com\/pt\/wp-json\/wp\/v2\/types\/new"}],"wp:featuredmedia":[{"embeddable":true,"href":"https:\/\/sumecchemical.com\/pt\/wp-json\/wp\/v2\/media\/1734"}],"wp:attachment":[{"href":"https:\/\/sumecchemical.com\/pt\/wp-json\/wp\/v2\/media?parent=1733"}],"wp:term":[{"taxonomy":"news-category","embeddable":true,"href":"https:\/\/sumecchemical.com\/pt\/wp-json\/wp\/v2\/news-category?post=1733"}],"curies":[{"name":"wp","href":"https:\/\/api.w.org\/{rel}","templated":true}]}}